{"id":1394,"date":"2019-12-02T02:42:33","date_gmt":"2019-12-02T02:42:33","guid":{"rendered":"https:\/\/sper.pt\/cer2019\/?page_id=1394"},"modified":"2019-12-02T12:00:13","modified_gmt":"2019-12-02T12:00:13","slug":"programa-detalhado","status":"publish","type":"page","link":"https:\/\/sper.pt\/cer2019\/programa-detalhado\/","title":{"rendered":"Programa Detalhado"},"content":{"rendered":"\t\t<div data-elementor-type=\"wp-page\" data-elementor-id=\"1394\" class=\"elementor elementor-1394\">\n\t\t\t\t\t\t<section class=\"elementor-section elementor-top-section elementor-element elementor-element-547e722e elementor-section-full_width elementor-section-height-default elementor-section-height-default elementor-invisible\" data-id=\"547e722e\" data-element_type=\"section\" data-e-type=\"section\" data-settings=\"{&quot;jet_parallax_layout_list&quot;:[{&quot;jet_parallax_layout_image&quot;:{&quot;url&quot;:&quot;&quot;,&quot;id&quot;:&quot;&quot;,&quot;size&quot;:&quot;&quot;},&quot;_id&quot;:&quot;077505a&quot;,&quot;jet_parallax_layout_speed&quot;:{&quot;unit&quot;:&quot;%&quot;,&quot;size&quot;:66,&quot;sizes&quot;:[]},&quot;jet_parallax_layout_type&quot;:&quot;scroll&quot;,&quot;jet_parallax_layout_z_index&quot;:&quot;&quot;,&quot;jet_parallax_layout_bg_x&quot;:&quot;&quot;,&quot;jet_parallax_layout_bg_y&quot;:&quot;&quot;,&quot;jet_parallax_layout_bg_size&quot;:&quot;cover&quot;,&quot;jet_parallax_layout_animation_prop&quot;:&quot;bgposition&quot;,&quot;jet_parallax_layout_on&quot;:[],&quot;jet_parallax_layout_image_tablet&quot;:{&quot;url&quot;:&quot;&quot;,&quot;id&quot;:&quot;&quot;,&quot;size&quot;:&quot;&quot;},&quot;jet_parallax_layout_image_mobile&quot;:{&quot;url&quot;:&quot;&quot;,&quot;id&quot;:&quot;&quot;,&quot;size&quot;:&quot;&quot;},&quot;jet_parallax_layout_direction&quot;:null,&quot;jet_parallax_layout_fx_direction&quot;:null,&quot;jet_parallax_layout_bg_x_tablet&quot;:&quot;&quot;,&quot;jet_parallax_layout_bg_x_mobile&quot;:&quot;&quot;,&quot;jet_parallax_layout_bg_y_tablet&quot;:&quot;&quot;,&quot;jet_parallax_layout_bg_y_mobile&quot;:&quot;&quot;,&quot;jet_parallax_layout_bg_size_tablet&quot;:&quot;&quot;,&quot;jet_parallax_layout_bg_size_mobile&quot;:&quot;&quot;}],&quot;background_background&quot;:&quot;classic&quot;,&quot;animation&quot;:&quot;slideInUp&quot;,&quot;animation_delay&quot;:0.6}\">\n\t\t\t\t\t\t\t<div class=\"elementor-background-overlay\"><\/div>\n\t\t\t\t\t\t\t<div class=\"elementor-container elementor-column-gap-default\">\n\t\t\t\t\t<div class=\"elementor-column elementor-col-100 elementor-top-column elementor-element elementor-element-16c50752\" data-id=\"16c50752\" data-element_type=\"column\" data-e-type=\"column\">\n\t\t\t<div class=\"elementor-widget-wrap\">\n\t\t\t\t\t\t\t<\/div>\n\t\t<\/div>\n\t\t\t\t\t<\/div>\n\t\t<\/section>\n\t\t\t\t<section class=\"elementor-section elementor-top-section elementor-element elementor-element-2bcc6b45 elementor-section-boxed elementor-section-height-default elementor-section-height-default\" data-id=\"2bcc6b45\" data-element_type=\"section\" data-e-type=\"section\" data-settings=\"{&quot;jet_parallax_layout_list&quot;:[{&quot;jet_parallax_layout_image&quot;:{&quot;url&quot;:&quot;&quot;,&quot;id&quot;:&quot;&quot;,&quot;size&quot;:&quot;&quot;},&quot;_id&quot;:&quot;0bee1bc&quot;,&quot;jet_parallax_layout_speed&quot;:{&quot;unit&quot;:&quot;%&quot;,&quot;size&quot;:50,&quot;sizes&quot;:[]},&quot;jet_parallax_layout_type&quot;:&quot;scroll&quot;,&quot;jet_parallax_layout_z_index&quot;:&quot;&quot;,&quot;jet_parallax_layout_bg_x&quot;:50,&quot;jet_parallax_layout_bg_y&quot;:50,&quot;jet_parallax_layout_bg_size&quot;:&quot;auto&quot;,&quot;jet_parallax_layout_animation_prop&quot;:&quot;transform&quot;,&quot;jet_parallax_layout_on&quot;:[&quot;desktop&quot;,&quot;tablet&quot;],&quot;jet_parallax_layout_image_tablet&quot;:{&quot;url&quot;:&quot;&quot;,&quot;id&quot;:&quot;&quot;,&quot;size&quot;:&quot;&quot;},&quot;jet_parallax_layout_image_mobile&quot;:{&quot;url&quot;:&quot;&quot;,&quot;id&quot;:&quot;&quot;,&quot;size&quot;:&quot;&quot;},&quot;jet_parallax_layout_direction&quot;:null,&quot;jet_parallax_layout_fx_direction&quot;:null,&quot;jet_parallax_layout_bg_x_tablet&quot;:&quot;&quot;,&quot;jet_parallax_layout_bg_x_mobile&quot;:&quot;&quot;,&quot;jet_parallax_layout_bg_y_tablet&quot;:&quot;&quot;,&quot;jet_parallax_layout_bg_y_mobile&quot;:&quot;&quot;,&quot;jet_parallax_layout_bg_size_tablet&quot;:&quot;&quot;,&quot;jet_parallax_layout_bg_size_mobile&quot;:&quot;&quot;}]}\">\n\t\t\t\t\t\t<div class=\"elementor-container elementor-column-gap-default\">\n\t\t\t\t\t<div class=\"elementor-column elementor-col-100 elementor-top-column elementor-element elementor-element-3095c11f\" data-id=\"3095c11f\" data-element_type=\"column\" data-e-type=\"column\">\n\t\t\t<div class=\"elementor-widget-wrap\">\n\t\t\t\t\t\t\t<\/div>\n\t\t<\/div>\n\t\t\t\t\t<\/div>\n\t\t<\/section>\n\t\t\t\t<section class=\"elementor-section elementor-top-section elementor-element elementor-element-c7fd154 elementor-section-boxed elementor-section-height-default elementor-section-height-default\" data-id=\"c7fd154\" data-element_type=\"section\" data-e-type=\"section\" data-settings=\"{&quot;jet_parallax_layout_list&quot;:[{&quot;jet_parallax_layout_image&quot;:{&quot;url&quot;:&quot;&quot;,&quot;id&quot;:&quot;&quot;,&quot;size&quot;:&quot;&quot;},&quot;_id&quot;:&quot;5d9dbc5&quot;,&quot;jet_parallax_layout_speed&quot;:{&quot;unit&quot;:&quot;%&quot;,&quot;size&quot;:50,&quot;sizes&quot;:[]},&quot;jet_parallax_layout_type&quot;:&quot;scroll&quot;,&quot;jet_parallax_layout_z_index&quot;:&quot;&quot;,&quot;jet_parallax_layout_bg_x&quot;:50,&quot;jet_parallax_layout_bg_y&quot;:50,&quot;jet_parallax_layout_bg_size&quot;:&quot;auto&quot;,&quot;jet_parallax_layout_animation_prop&quot;:&quot;transform&quot;,&quot;jet_parallax_layout_on&quot;:[&quot;desktop&quot;,&quot;tablet&quot;],&quot;jet_parallax_layout_image_tablet&quot;:{&quot;url&quot;:&quot;&quot;,&quot;id&quot;:&quot;&quot;,&quot;size&quot;:&quot;&quot;},&quot;jet_parallax_layout_image_mobile&quot;:{&quot;url&quot;:&quot;&quot;,&quot;id&quot;:&quot;&quot;,&quot;size&quot;:&quot;&quot;},&quot;jet_parallax_layout_direction&quot;:null,&quot;jet_parallax_layout_fx_direction&quot;:null,&quot;jet_parallax_layout_bg_x_tablet&quot;:&quot;&quot;,&quot;jet_parallax_layout_bg_x_mobile&quot;:&quot;&quot;,&quot;jet_parallax_layout_bg_y_tablet&quot;:&quot;&quot;,&quot;jet_parallax_layout_bg_y_mobile&quot;:&quot;&quot;,&quot;jet_parallax_layout_bg_size_tablet&quot;:&quot;&quot;,&quot;jet_parallax_layout_bg_size_mobile&quot;:&quot;&quot;}]}\">\n\t\t\t\t\t\t<div class=\"elementor-container elementor-column-gap-default\">\n\t\t\t\t\t<div class=\"elementor-column elementor-col-100 elementor-top-column elementor-element elementor-element-5e34eda\" data-id=\"5e34eda\" data-element_type=\"column\" data-e-type=\"column\">\n\t\t\t<div class=\"elementor-widget-wrap elementor-element-populated\">\n\t\t\t\t\t\t<div class=\"elementor-element elementor-element-1ed02cba elementor-tabs-view-horizontal elementor-widget elementor-widget-tabs\" data-id=\"1ed02cba\" data-element_type=\"widget\" data-e-type=\"widget\" data-widget_type=\"tabs.default\">\n\t\t\t\t<div class=\"elementor-widget-container\">\n\t\t\t\t\t\t\t<div class=\"elementor-tabs\">\n\t\t\t<div class=\"elementor-tabs-wrapper\" role=\"tablist\" >\n\t\t\t\t\t\t\t\t\t<div id=\"elementor-tab-title-5161\" class=\"elementor-tab-title elementor-tab-desktop-title\" aria-selected=\"true\" data-tab=\"1\" role=\"tab\" tabindex=\"0\" aria-controls=\"elementor-tab-content-5161\" aria-expanded=\"false\">DIA 5<\/div>\n\t\t\t\t\t\t\t\t\t<div id=\"elementor-tab-title-5162\" class=\"elementor-tab-title elementor-tab-desktop-title\" aria-selected=\"false\" data-tab=\"2\" role=\"tab\" tabindex=\"-1\" aria-controls=\"elementor-tab-content-5162\" aria-expanded=\"false\">DIA 6<\/div>\n\t\t\t\t\t\t\t\t\t<div id=\"elementor-tab-title-5163\" class=\"elementor-tab-title elementor-tab-desktop-title\" aria-selected=\"false\" data-tab=\"3\" role=\"tab\" tabindex=\"-1\" aria-controls=\"elementor-tab-content-5163\" aria-expanded=\"false\">DIA 7<\/div>\n\t\t\t\t\t\t\t\t\t<div id=\"elementor-tab-title-5164\" class=\"elementor-tab-title elementor-tab-desktop-title\" aria-selected=\"false\" data-tab=\"4\" role=\"tab\" tabindex=\"-1\" aria-controls=\"elementor-tab-content-5164\" aria-expanded=\"false\">DOWNLOAD DO PROGRAMA DETALHADO<\/div>\n\t\t\t\t\t\t\t<\/div>\n\t\t\t<div class=\"elementor-tabs-content-wrapper\" role=\"tablist\" aria-orientation=\"vertical\">\n\t\t\t\t\t\t\t\t\t<div class=\"elementor-tab-title elementor-tab-mobile-title\" aria-selected=\"true\" data-tab=\"1\" role=\"tab\" tabindex=\"0\" aria-controls=\"elementor-tab-content-5161\" aria-expanded=\"false\">DIA 5<\/div>\n\t\t\t\t\t<div id=\"elementor-tab-content-5161\" class=\"elementor-tab-content elementor-clearfix\" data-tab=\"1\" role=\"tabpanel\" aria-labelledby=\"elementor-tab-title-5161\" tabindex=\"0\" hidden=\"false\"><h2>Dia 05<\/h2><h5><strong>14:30 Secretariado &#8211; Rece\u00e7\u00e3o aos participantes e levantamento de credenciais<br \/><\/strong><br \/><strong>16:00 Sess\u00f5es Paralelas<\/strong><br \/><strong><br \/><\/strong><\/h5><h5><strong>Audit\u00f3rio<\/strong><\/h5><p><strong>Tema 6. Turismo e usos alternativos do espa\u00e7o rural<br \/><\/strong><strong>6.1. Turismo cultural<\/strong><br \/><strong>Moderadora: Sara Sim\u00f5es (ESA\/IPVC)<\/strong><\/p><p>R10.<\/p><p style=\"padding-left: 40px;\"><strong>Modelos de Gest\u00e3o das Paisagens Culturais:<\/strong><br \/><strong>a experi\u00eancia das paisagens culturais portuguesas classificadas pela UNESCO<\/strong><br \/>Ana Isabel Regado Vaz, FCUP, anaregadovaz@protonmail.com<br \/>Maria Jos\u00e9 Dias Curado, FCUP\/CIBIO\/InBio, mcurado@fc.up.pt<\/p><p>R46.<\/p><p style=\"padding-left: 40px;\"><strong>Marcos da transforma\u00e7\u00e3o das paisagens nos A\u00e7ores: entre a cultura e a natureza<\/strong><br \/>Rute Dias Greg\u00f3rio, CHAM\/UNL-UAc, rute.ir.gregorio@uac.pt<br \/>Jo\u00e3o Mora Porteiro, CIBIO-A\u00e7ores-UAc, joao.jm.porteiro@uac.pt<\/p><p>R33.<\/p><p style=\"padding-left: 40px;\"><strong>Vilarinho da Furna: um projeto tur\u00edstico de desenvolvimento sustent\u00e1vel<\/strong><br \/>Manuel de Azevedo Antune s, AFURNA\/CPES\/ULHT , mantunes@ulusofona.pt<\/p><p>R41.<\/p><p style=\"padding-left: 40px;\"><strong>Aspectos alternativos do uso espa\u00e7o rural:<\/strong><br \/><strong>o turismo no munic\u00edpio de Praia Grande, Santa Catarina, Brasil<\/strong><br \/>Samoel Benedet Citadin, UNESC, samoelcitadin@hotmail.com<br \/>Dimas de Oliveira Estevam, UNESC, doe@unesc.net<br \/>Giovana Ilka Jacinto Salvaro, UNESC, giovanailka@gmail.com<\/p><h5>Sala 4<\/h5><p><strong>Tema 3. Mudan\u00e7as nos sistemas Agroalimentares<\/strong><br \/><strong>3.1. Agroecologia e agricultura familiar<\/strong><br \/><strong>Moderador: Luis Moreno (IGOT\/ULisboa)<\/strong><\/p><p>R76.<\/p><p style=\"padding-left: 40px;\"><strong>Caravana AgroEcol\u00f3gica &#8211; Como deve a sociedade apoiar a agroecologia, e porqu\u00ea?<\/strong><br \/>In\u00eas Costa Pereira, cE3c, FCUL, idpereira@fc.ul.pt;<br \/>Sara Magalh\u00e3es, cE3c, FCUL, snmagalhaes@fc.ul.pt;<br \/>Renata Santos, Tagis, renatailsantos@gmail.com;<br \/>Florian Ulm, cE3c, FCUL, ulm.florian@gmail.com;<br \/>David Avelar, cE3c, FCUL, dnavelar@fc.ul.pt;<br \/>Leonor R Rodrigues, cE3c, FCUL, leonor.rodrigues89@gmail.com;<\/p><p>R80.<\/p><p style=\"padding-left: 40px;\"><strong>Agricultura e transforma\u00e7\u00f5es do rural: um olhar a partir da soberania alimentar<\/strong><br \/>Rita Calv\u00e1rio, CES\/UC, ritamcalvario@gmail.com<\/p><p>R64.<\/p><p style=\"padding-left: 40px;\"><strong>Aqui tem agricultura familiar! A experi\u00eancia das compras institucionais<\/strong><br \/><strong>dos restaurantes universit\u00e1rios da Universidade Pelotas, RS, Brasil<\/strong><br \/>N\u00e1dia Velleda Caldas, PPGSPAF-UFPel, velleda.nadia@hotmail.com<br \/>Fl\u00e1vio Sacco dos Anjos, PPGMP-UFPel, saccodosanjos@gmail.com<br \/>Danielle Farias da Silveira, PPGSPAF-UFPel, danisilveiraf@hotmail.com<br \/>Germano Ehlert Pollnow, PPGSPAF-UFPel, germano.ep@outlook.com<\/p><p>R89.<\/p><p style=\"padding-left: 40px;\"><strong>Alimentaci\u00f3n tradicional e identidad entre el pueblo maya &#8211; tseltal del norte de Chiapas M\u00e9xico<\/strong><br \/>Betsabe Guill\u00e9n Pasillas, CIIEMAD\/IPN, betsy_guillen@hotmail.com<br \/>Mar\u00eda Elena Serrano Flores, CIIEMAD\/IPN, meserrano@ipn.mx<br \/>Ra\u00fal Vera Alejandre, CIIEMAD\/IPN, rveray@yahoo.com<\/p><h5>\u00a0<\/h5><h5>17:45 Audit\u00f3rio<\/h5><p><strong>Sess\u00e3o de abertura<\/strong><\/p><p style=\"padding-left: 40px;\">Presid. IPVC \u2013 Instituto Polit\u00e9cnico de Viana do Castelo \u2013 Carlos Rodrigues<br \/>Presid. C\u00e2mara Municipal de Ponte de Lima \u2013 V\u00edtor Mendes<br \/>Presid. C\u00e2mara Municipal de Arcos de Valdevez &#8211; Jo\u00e3o Manuel Esteves<br \/>Subdiretor Regional \u2013 Dire\u00e7\u00e3o Regional de Agricultura e Pescas do Norte \u2013 Rui Manuel Martins<br \/>Presid. SPER \u2013 Sociedade Portuguesa de Estudos Rurais \u2013 Orlando Sim\u00f5es<br \/>Rural RePort, Rede de Hist\u00f3ria Rural em Portugu\u00eas &#8211; Jos\u00e9 Vicente Serr\u00e3o<br \/>Organiza\u00e7\u00e3o Local \u2013 Joana Nogueira<\/p><h5>\u00a0<\/h5><h5>19:00 Audit\u00f3rio<\/h5><p><strong>Confer\u00eancia Inaugural<\/strong><\/p><p style=\"padding-left: 40px;\"><strong>Moderador: Jos\u00e9 Portela (UTAD\/Prof. Catedr. Jubilado)<\/strong><br \/>Orador: Carlos Aguiar (ESA\/IPB &#8211; CIMO) &#8211; \u201cPastagens, vacas, lobos e Homens: inova\u00e7\u00e3o e continuidade nos sistemas de agricultura tradicional das montanhas temperado-submediterr\u00e2nicas do norte de Portugal\u201d<\/p><h5>\u00a0<\/h5><h5>20:00 Jantar do Congresso na Cozinha dos Frades (edif\u00edcio da ESA)<\/h5><\/div>\n\t\t\t\t\t\t\t\t\t<div class=\"elementor-tab-title elementor-tab-mobile-title\" aria-selected=\"false\" data-tab=\"2\" role=\"tab\" tabindex=\"-1\" aria-controls=\"elementor-tab-content-5162\" aria-expanded=\"false\">DIA 6<\/div>\n\t\t\t\t\t<div id=\"elementor-tab-content-5162\" class=\"elementor-tab-content elementor-clearfix\" data-tab=\"2\" role=\"tabpanel\" aria-labelledby=\"elementor-tab-title-5162\" tabindex=\"0\" hidden=\"hidden\"><h2>Dia 06<\/h2><h5>08:45 Sess\u00f5es Paralelas<br \/><br \/><\/h5><h5>Audit\u00f3rio<\/h5><p><strong>Tema 6. Turismo e usos alternativos do espa\u00e7o rural<\/strong><br \/><strong>6.2. Turismo rural e turismo de natureza<\/strong><br \/><strong>Moderadora: Cristina Calheiros (CIIMAR\/UP)<\/strong><\/p><p>R53.<\/p><p style=\"padding-left: 40px;\"><strong>Desafios e oportunidades no contexto agrotur\u00edstico &#8211; Projetos colaborativos<\/strong><br \/>Cristina S. C. Calheiros, CIIMAR\/UP, cristina@calheiros.org<br \/>Paula M. L. Castro, ESB\/UCP, plcastro@porto.ucp.pt<\/p><p>R47.<\/p><p style=\"padding-left: 40px;\"><strong>Slow Travel A\u00e7ores e Madeira: oportunidade e realidade<\/strong><br \/>Catarina Var\u00e3o, catarina.varao@th2.com.pt<\/p><p>R42.<\/p><p style=\"padding-left: 40px;\"><strong>Conhecer os limites e as potencialidades da paisagem agr\u00e1ria do<\/strong><br \/><strong>Parque Natural do Tejo Internacional: O caso do Olival<\/strong><br \/>Dora Ferreira, UNEX, drodrigucc@alumnos.unex.es<br \/>Jos\u00e9 Manuel S\u00e1nchez Mart\u00edn, UNEX, jmsanche@unex.es<\/p><p>R40.<\/p><p style=\"padding-left: 40px;\"><strong>Ecoturismo na regi\u00e3o da Beira Baixa: uma abordagem metodol\u00f3gica para determina\u00e7\u00e3o do potencial ecol\u00f3gico com recurso a um Sistema Espacial de Apoio \u00e0 Deci<\/strong>s\u00e3o<br \/>Lu\u00eds Quinta-Nova, IPCB\/CERNAS, lnova@ipcb.pt<br \/>Dora Ferreira, UNEX, drodrigucc@alumnos.unex.es<\/p><p>R58.<\/p><p style=\"padding-left: 40px;\"><strong>Pedestrianismo e turismo de natureza. O exemplo do \u201cPampilhosa da Serra Walking Weekend\u201d<\/strong><br \/>Paulo Carvalho, CEGOT\/UC, paulo.carvalho@fl.uc.pt<br \/>Luiz Alves, CEGOT\/UC, luiz.alves@uc.pt<\/p><h5>Sala 5<\/h5><p><strong>Sess\u00e3o Organizada 4. Cultivar &amp; Consumir &#8211; como as sementes mudam as paisagens<\/strong><br \/><strong>Moderadoras: Dulce Freire (ICS\/ULisboa) e In\u00eas Gomes (ICS\/ULisboa)<\/strong><\/p><p>R97.<\/p><p style=\"padding-left: 40px;\"><strong>Em busca das sementes esquecidas. Fontes hist\u00f3ricas para a agrobiodiversidade<\/strong><br \/>Dulce Freire, ICS\/ULisboa, dulce.freire@ics.ulisboa.pt<\/p><p>R96.<\/p><p style=\"padding-left: 40px;\"><strong>Semente diversas, paisagens variadas: desafios metodol\u00f3gicos na an\u00e1lise hist\u00f3rica das variedades de sementes cultivadas<\/strong><br \/>In\u00eas Gomes, ICS\/ULisboa, ines.duarte.gomes@ics.ulisboa.pt<\/p><p>R77.<\/p><p style=\"padding-left: 40px;\"><strong>Portugal na hist\u00f3ria global da laranja: sistematiza\u00e7\u00e3o e novos dados<\/strong><br \/><strong>Jos\u00e9 Vicente Serr\u00e3o, ISCTE \u2013 Instituto Universit\u00e1rio de Lisboa,<\/strong> jvserrao@iscte-iul.pt<\/p><p>R101.<\/p><p style=\"padding-left: 40px;\"><strong>Os laranjais de Amares: uma paisagem em constru\u00e7\u00e3o desde o s\u00e9culo XVI.<\/strong><br \/>Anabela Ramos, Anabela.ramos.silva@sapo.pt<\/p><p>R67.<\/p><p style=\"padding-left: 40px;\"><strong>Paisajes agrarios y preindustrializaci\u00f3n en la provincia de Ourense, Galicia<\/strong><br \/>Marta Somoza Medina, Concello de Allariz, somozamedinamarta@gmail.com<br \/>Jos\u00e9 Somoza Medina, Dpto. Geograf\u00eda\/ULE, jose.somoza@unileon.es<\/p><h5>Sala 7<\/h5><p><strong>Sess\u00e3o Organizada 1. Observat\u00f3rios de Paisagem, desafios para al\u00e9m do enquadramento jur\u00eddico<\/strong><br \/><strong>Moderadoras: Maria da Gra\u00e7a Saraiva (CIAUD\/FA\/ULisboa) e Isabel Loupa Ramos (CITUA\/IST\/ULisboa)<\/strong><\/p><p>R21.<\/p><p style=\"padding-left: 40px;\"><strong>Museu da Paisagem: desafios para uma cidadania paisag\u00edstica<\/strong><br \/>Jo\u00e3o Gomes de Abreu, ESCS\/IPL, jabreu@escs.ipl.pt<br \/>Maria Jo\u00e3o Centeno, ESCS\/IPL, mcenteno@escs.ipl.pt<br \/>Helena Figueiredo Pina, ESCS\/IPL, hpina@escs.ipl.pt<br \/>Ricardo Pereira Rodrigues, ESCS\/IPL, rprodrigues@escs.ipl.pt<\/p><p>R17.<\/p><p style=\"padding-left: 40px;\"><strong>Plano de Paisagem das Terras de Coura: um ano de execu\u00e7\u00e3o<\/strong><br \/>Lu\u00eds Brand\u00e3o Coelho, Valminho Florestal\/Observat\u00f3rio da Paisagem, brandao.coelho@sapo.pt<br \/>Pascal de Moura Pereira, Leiras do Carvalhal, Lda\/Obs. da Paisagem, pascal.lacsap@gmail.com<br \/>Isabel Maria Matias, CEAA\/ Observat\u00f3rio da Paisagem, isabelmatias@vastus.pt<\/p><p>R70.<\/p><p style=\"padding-left: 40px;\"><strong> Observat\u00f3rio da Paisagem da FCUP \u2013 Passado, Presente e Futuro<\/strong><br \/>Maria Jos\u00e9 Curado, FCUP\/CIBIO, mcurado@fc.up.pt<br \/>Teresa Marques, FCUP\/CIBIO, teresamarques@fc.up.pt<br \/>Carla Gon\u00e7alves, FCUP, cgoncalves@fc.up.pt<\/p><p>R73.<\/p><p style=\"padding-left: 40px;\"><strong>Observat\u00f3rio da Paisagem da Charneca: explorar identidades e conhecimento<\/strong><br \/>Maria da Gra\u00e7a Saraiva, CIAUD\/FA\/UL, OPC, gsaraiva@sapo.pt<br \/>Isabel Loupa Ramos, CITUA\/IST\/UL, OPC, isabel.ramos@tecnico.ulisboa.pt<br \/>Carlos Amaral Netto, Florecha, OPC, carlosamaralnetto@gmail.com<\/p><h5>\u00a0<\/h5><h5>11:00 Pausa para caf\u00e9 (Refeit\u00f3rio dos Frades)<\/h5><h5>\u00a0<\/h5><h5>11:30 Sess\u00e3o Plen\u00e1ria<\/h5><p><strong>Moderador: Fernando de Oliveira Baptista (ISA\/ULisboa\/Prof. Catedr. Jubilado)<\/strong><br \/><strong>Oradores:<\/strong><br \/>Elisabete Figueiredo (UA): \u201cAs paisagens como vislumbres do mundo &#8211;<br \/>\u2013 representa\u00e7\u00f5es sociais sobre as paisagens rurais e seus desafios no territ\u00f3rio\u201d<br \/>Teresa Andresen (UP): \u201cPaisagens culturais &#8211; a conserva\u00e7\u00e3o, a gest\u00e3o e os usos\u201d<br \/>Filipe Themudo Barata (UE) &#8211; \u201cOlhares de um acad\u00e9mico e de um cidad\u00e3o<br \/>sobre uma paisagem cultural que se vai degradando\u201d<\/p><h5>\u00a0<\/h5><h5>13:00 Almo\u00e7o (Refeit\u00f3rio dos Frades)<\/h5><h5>\u00a0<\/h5><h5>14:00 Sess\u00f5es Paralelas<br \/><br \/><\/h5><h5>Audit\u00f3rio<\/h5><p><strong>Sess\u00e3o Organizada 2. Territ\u00f3rios vinhateiros e enoturismo<\/strong><br \/><strong>Moderadores: Orlando Sim\u00f5es (ESAC\/IPC) e Elisabette Kastenholz (U<\/strong>A)<\/p><p>R102.<\/p><p style=\"padding-left: 40px;\"><strong>An\u00e1lise do potencial tur\u00edstico de um territ\u00f3rio vinhateiro \u2013 algumas abordagens do projeto TWINE<\/strong><br \/>Elisabeth Kastenholz, UA, elisabethk@ua.pt<br \/>Helena Albuquerque, UA, helena.albuquerque@ua.pt<br \/>Orlando Sim\u00f5es, ESAC\/IPC, orlando@esac.pt<br \/>Josefina Salvado, UA, josefina.o.salvado@ua.pt<\/p><p>R79.<\/p><p style=\"padding-left: 40px;\"><strong>O contributo do enoturismo para o desenvolvimento rural<\/strong><br \/>L\u00facia Pato, ESAV\/IPV, CIDETS&amp;CERNAS, mljesus@esav.ipv.pt<br \/>Z\u00e9lia Breda, UA, GOVCOOP, zelia@ua.pt<br \/>Concei\u00e7\u00e3o Cunha, UA, ccunha@ua.pt<\/p><p>R93.<\/p><p style=\"padding-left: 40px;\"><strong>Experi\u00eancias cocriativas de Enoturismo: a descoberta de paisagens f\u00edsicas e culturais pela voz de visitantes da Rota da Bairrada<\/strong><br \/>Mariana Carvalho, UA, mariancabralc@gmail.com<br \/>Elisabeth Kastenholz, UA, elisabethk@ua.pt<br \/>Maria Jo\u00e3o Carneiro, UA, mjcarneiro@ua.pt<\/p><p>R95.<\/p><p style=\"padding-left: 40px;\"><strong>O perfil do enoturista numa compara\u00e7\u00e3o entre \u201cVelho Mundo\u201d e \u201cNovo Mundo\u201d<\/strong><br \/>Diana Cunha, UA, GOVCOOP, diana.cunha@ua.pt<br \/>Maria Jo\u00e3o Carneiro, UA, GOVCOOP, mjcarneiro@ua.pt<br \/>Elisabeth Kastenholz, UA, GOVCOOP, elisabethk@ua.pt<\/p><p>R92.<\/p><p style=\"padding-left: 40px;\"><strong>As Paisagens Alimentares na Poesia Barroca do S\u00e9c. XVII e o Turismo: <\/strong><strong>Um contributo para a cria\u00e7\u00e3o de narrativas de Storytelling diferenciadoras<\/strong><br \/>Josefina Salvado, GOVCOPP\/UA &amp; DIAITA\/UC,josefina.o.salvado@ua.pt<\/p><h5>Sala 2<\/h5><p><strong>Sess\u00e3o Organizada 3. A atividade agro-silvo-pastoril e a conserva\u00e7\u00e3o da paisagem e da natureza<\/strong><br \/><strong>Moderadora: Joana Nogueira (ESA\/IPVC)<\/strong><\/p><p>R43.<\/p><p style=\"padding-left: 40px;\"><strong>De criadores de gado a gestores da paisagem \u2013 uma transi\u00e7\u00e3o poss\u00edvel?<\/strong><br \/>Joana Nogueira, ESA\/IPVC, proMetheus, joananogueira@esa.ipvc.pt<br \/>Irene Aurora Santos, ESA\/IPVC<br \/>Jos\u00e9 Pedro Ara\u00fajo, ESA\/IPVC, CIMO<br \/>Jos\u00e9 Carlos Santos, ESA\/IPVC, proMetheus<br \/>Sara Sim\u00f5es, ESA\/IPVC<\/p><p>R62.<\/p><p style=\"padding-left: 40px;\"><strong>As din\u00e2micas de ocupa\u00e7\u00e3o e uso do solo em contexto de mudan\u00e7as sociais e clim\u00e1ticas: evolu\u00e7\u00e3o recente e prospetiva em espa\u00e7os de montanha do Parque Nacional da Peneda Ger\u00eas<\/strong><br \/>Joaquim Mamede Alonso, ESA-IPVC; CIBIO-InBIO, malonso@esa.ipvc.pt<br \/>Joana Amorim, ESA\/IPVC; joamorim@ipvc.pt<br \/>Jo\u00e3o Honrado, FC-UP, CIBIO-InBIO, jhonrado@fc.up.pt<\/p><p>R103.<\/p><p style=\"padding-left: 40px;\"><strong>A relev\u00e2ncia do Apoio Zonal Peneda-Ger\u00eas para a manuten\u00e7\u00e3o da atividade agr\u00edcola de car\u00e1cter agroambiental<\/strong><br \/>Ana Vicente, DRAP Norte\/MAFDR, ana.vicente@drapnorte.pt<br \/>Bruno Leit\u00e3o, DRAP Norte\/MAFDR, bruno.leitao@drapnorte.pt<\/p><p>R61.<\/p><p style=\"padding-left: 40px;\"><strong>Perspetivas de circulariza\u00e7\u00e3o da economia em meio rural:<\/strong><br \/><strong>a evolu\u00e7\u00e3o de pr\u00e1ticas antigas na dire\u00e7\u00e3o da sustentabilidade dos processos \u2013 Proj. ForestFarmBiochar<\/strong><br \/>Leonel Nunes, ESA\/IPVC, proMetheus, leonelnunes@esa.ipvc.pt<br \/>Joana Nogueira, ESA\/IPVC, proMetheus<br \/>Ana Ferraz, ESA\/IPVC, proMetheus<br \/>Ana Cristina Rodrigues, ESA\/IPVC, proMetheus<br \/>M\u00e1rio Tom\u00e9, ESTG\/IPVC, proMetheus<br \/>Sandra Silva, ESA\/IPVC, proMetheus<br \/>Cl\u00e1udio Paredes, ESA\/IPVC, proMetheus<br \/>Joaquim Alonso, ESA\/IPVC, proMetheus<\/p><p>R60.<\/p><p style=\"padding-left: 40px;\"><strong>Propriedade comunit\u00e1ria e sustentabilidade: uma aproxima\u00e7\u00e3o a exp. inovadoras desde a Galiza<\/strong><br \/>Dami\u00e1n Copena, GIEEAH-Universidade de Vigo, decopena@uvigo.gal<br \/>Xavier Sim\u00f3n, GIEEAH-Universidade de Vigo, xsimon@uvigo.gal<br \/>David P\u00e9rez-Neira, Universidad de Le\u00f3n, dpern@unileon.es<\/p><h5>Sala 5<\/h5><p><strong>Sess\u00e3o Organizada 5. Regadios &#8211; produ\u00e7\u00e3o agr\u00edcola, din\u00e2micas sociais e mudan\u00e7as na paisagem<\/strong><br \/><strong>Moderadora: Dulce Freire (ICS\/ULisboa)<\/strong><\/p><p>R85.<\/p><p style=\"padding-left: 40px;\"><strong>As terras de regad\u00edo e seca\u00f1o no norte galego segundo o Catastro de Garay (1750-1820)<\/strong><br \/>Alberto Gonz\u00e1lez Remui\u00f1\u00e1n, Histagra\/USC, bertogonzalez1988@gmail.com<\/p><p>R94.<\/p><p style=\"padding-left: 40px;\"><strong> \u00bfLas instituciones de riego como agentes de limitaci\u00f3n del cambio agr\u00edcola? <\/strong><strong>La huerta de Valencia en la primera mitad del siglo XX.Francesco D\u2019Amaro,<\/strong> ICS\/ULisboa, francesco.damaro@ics.ulisboa.pt<\/p><p>R88.<\/p><p style=\"padding-left: 40px;\"><strong>A orizicultura portuguesa: din\u00e2micas regionais (1850-2018)<\/strong><br \/>Carlos Manuel Fa\u00edsca, C. M. Ponte de Sor, Univ. de Extremadura, Carlos.Faisca@cm-pontedesor.pt<\/p><p>R98.<\/p><p style=\"padding-left: 40px;\"><strong>(Re)organizar as aldeias e a vida rural. O ac\u00e7\u00e3o da Junta de Coloniza\u00e7\u00e3o Interna (1958-1974)<\/strong><br \/>Pedro Namorado Borges, CIDEHUS\/U\u00c9vora, pedronamoradoborges@gmail.com<br \/>Dulce Freire, ICS\/ULisboa, dulce.freire@ics.ul.pt<\/p><p>R90.<\/p><p style=\"padding-left: 40px;\"><strong>Din\u00e2micas territoriais no pr\u00e9 e p\u00f3s Per\u00edmetro de Rega do Mira<\/strong><br \/>Teresa Saraiva, UL e ECOSATIVA, teresa.saraiva@ecosativa.pt<\/p><h5>\u00a0<\/h5><h5>16:00 Pausa para caf\u00e9 (Refeit\u00f3rio dos Frades)<br \/><br \/><\/h5><h5>16:30 Sess\u00f5es Paralelas<br \/><br \/><\/h5><h5>Audit\u00f3rio<\/h5><p><strong>Tema 1. Patrim\u00f3nio material e imaterial<\/strong><br \/><strong>Moderadora: Manuela Reis (ISCTE-IUL)<\/strong><\/p><p>R74.<\/p><p style=\"padding-left: 40px;\"><strong>Das pedras mortas \u00e0s pr\u00e1ticas vivas: a relev\u00e2ncia do patrim\u00f3nio imaterial<\/strong><br \/>Manuela Reis, ISCTE-IUL, manuela.reis@iscte-iul.pt<\/p><p>R71.<\/p><p style=\"padding-left: 40px;\"><strong>Entre o litoral, o barrocal e a serra do Algarve: o Cerro de S\u00e3o Miguel, da Antiguidade \u00e0 Contemporaneidade<\/strong><br \/>Andreia Fidalgo, ISCTE-IUL\/UALG, alfidalgo@ualg.pt<\/p><p>R78.<\/p><p style=\"padding-left: 40px;\"><strong>As Vilas Portu\u00e1rias do Tejo enquanto Paisagens Culturais: ag\u00eancia, conting\u00eancia e (im)perman\u00eancias. Um estudo de caso &#8211; a vila de Const\u00e2ncia, entre a terra e o mar<\/strong><br \/>Ana Paredes Cardoso, ISCTE-IUL\/FCT-PIUDHist, ana.paredes.cardoso@outlook.com<\/p><p>R32.<\/p><p style=\"padding-left: 40px;\"><strong>O patrim\u00f3nio agroindustrial do Mosteiro de Alcoba\u00e7a, um ativo cultural para a regi\u00e3o<\/strong><br \/>Ant\u00f3nio Val\u00e9rio Maduro, CEDTUR-CETRAD\/ISMAI, avmaduro@gmail.com<\/p><p>R13.<\/p><p style=\"padding-left: 40px;\"><strong>O Caminho Portugu\u00eas Interior de Santiago (CPIS) e as suas variantes:<\/strong><br \/><strong>um exemplo de uma paisagem cultural sagrada<\/strong><br \/>Pedro Ricardo Coelho de Azevedo, CETRAD\/UTAD, pedrodosrc@gmail.com<\/p><h5>Sala 2<\/h5><p><strong>Tema 3. Mudan\u00e7as nos sistemas agroalimentares<\/strong><br \/><strong>3.2. Sistemas de produ\u00e7\u00e3o e mercados<\/strong><br \/><strong>Moderadora: Isabel Dinis (ESAC\/IPC)<\/strong><\/p><p>R68.<\/p><p style=\"padding-left: 40px;\"><strong>Apresenta\u00e7\u00e3o do Projecto \u00dfio\u00a9horume, PDR2020-Grupos Operacionais<\/strong><br \/>Rita Guedes, Qta da AVELEDA, mariaritaguedes@fl.gmail.com<br \/>Alberto Azevedo Gomes, INIAV alberto.gomes@iniav.pt<\/p><p>R54.<\/p><p style=\"padding-left: 40px;\"><strong>O gosto amargo do esquecimento: Origens rurais da ind\u00fastria do p\u00eassego em Pelotas, RS, Brasil<\/strong><br \/>Fl\u00e1vio Sacco dos Anjos, PPGMP-UFPel, saccodosanjos@gmail.com<br \/>N\u00e1dia Velleda Caldas, PPGSPAF-UFPel, velleda.nadia@hotmail.com<br \/>Juliane Concei\u00e7ao Primon Serres PPGMP-UFPel, julianeserres@gmail.com<\/p><p>R9.<\/p><p style=\"padding-left: 40px;\"><strong>Adapta\u00e7\u00e3o ou reconfigura\u00e7\u00e3o do sistema de produ\u00e7\u00e3o de Queijo Serra da Estrela?<\/strong><br \/>Isabel Dinis, IPC\/CERNAS, idinis@esac.pt<br \/>Orlando Sim\u00f5es, IPC\/CERNAS, orlando@esac.pt<\/p><p>R15.<\/p><p style=\"padding-left: 40px;\"><strong>A venda de produtos agroalimentares de origem rural em contexto urbano:<\/strong><br \/><strong>caracteriza\u00e7\u00e3o do retalho especializado em Aveiro, Lisboa e Porto<\/strong><br \/>Alexandre Silva, ICS-UL, alexandre.silva@ics.ulisboa.pt<br \/>M\u00f3nica Truninger, ICS-UL, monica.truninger@ics.ulisboa.pt<br \/>Elisabete Figueiredo, UA e GOVCOPP, elisa@ua.pt<\/p><p>R19.<\/p><p style=\"padding-left: 40px;\"><strong>Mercados Municipais: la\u00e7os entre o mundo rural e o mundo urbano<\/strong><br \/>Ana Teresa Rocha, MRKC, ana.teresa.afonso@marketconsulting.pt<\/p><h5>Sala 5<\/h5><p><strong>Tema 4. Territ\u00f3rios e gest\u00e3o territorial<\/strong><br \/><strong>4.1. Gest\u00e3o do territ\u00f3rio<\/strong><br \/><strong>Moderador: Paulo Carvalho (CEGOT\/UC)<\/strong><\/p><p>R59.<\/p><p style=\"padding-left: 40px;\"><strong>As paisagens culturais como instrumento de preserva\u00e7\u00e3o e valoriza\u00e7\u00e3o territorial<\/strong><br \/>Paulo Carvalho, CEGOT\/UC, paulo.carvalho@fl.uc.pt<br \/>Luiz Alves, CEGOT\/UC, luiz.alves@uc.pt<br \/>Bruna Cordeiro, CFE\/UC, bc2159@hotmail.com<\/p><p>R91.<\/p><p style=\"padding-left: 40px;\"><strong>A sustentabilidade em Odemira:<\/strong><br \/><strong>desafios de governan\u00e7a socioterritorial face a um espa\u00e7o rural conflitualmente diverso<\/strong><br \/>Lu\u00eds Moreno, CEG\/IGOT-ULisboa, luis.moreno@edu.ulisboa.pt<br \/>Alina Esteves, CEG\/IGOT-ULisboa, alinaesteves@edu.ulisboa.pt<br \/>Maria Lucinda Fonseca, CEG\/IGOT-ULisboa, fonseca-maria@edu.ulisboa.pt<br \/>Raquel Xavier Rocha, CEG\/IGOT-ULisboa, rocha-raquel@edu.ulisboa.pt<\/p><p>R26.<\/p><p style=\"padding-left: 40px;\"><strong>Interven\u00e7\u00e3o em aglomerados rurais: Uma experi\u00eancia no Vale do Lima (2003 -2019)<\/strong><br \/>Maria do Ros\u00e1rio Coutinho, ADRIL, rosarioc@adril.pt<\/p><p>R49.<\/p><p style=\"padding-left: 40px;\"><strong>Barcelos em contexto regional: um territ\u00f3rio de disparidades<\/strong><br \/>Ant\u00f3nio Cardoso, IPVC\/CICS.Nova.UMinho, antoniocardoso@esa.ipvc.pt<\/p><p>R38.<\/p><p style=\"padding-left: 40px;\"><strong>Paisagem Serrana Alto-Minhota: diagn\u00f3stico de valor cultural em transi\u00e7\u00e3o <\/strong><strong>para um territ\u00f3rio \u201cdisfuncional\u201d e de frui\u00e7\u00e3o mercantilista no s\u00e9c. xxi<\/strong><br \/>Ana Gon\u00e7alves da Silva, ex-SNPC, anajacome@hotmail.com<br \/>Jos\u00e9 da Cruz Lopes, IPVC e CEPESE, clopes@estg.ipvc.pt<\/p><h5>\u00a0<\/h5><h5>18:30 Audit\u00f3rio &#8211; Assembleia Geral da SPER<br \/><br \/><\/h5><h5>19:15 Audit\u00f3rio &#8211; Assembleia Geral da Rede Rural RePort<\/h5><div>\u00a0<\/div><\/div>\n\t\t\t\t\t\t\t\t\t<div class=\"elementor-tab-title elementor-tab-mobile-title\" aria-selected=\"false\" data-tab=\"3\" role=\"tab\" tabindex=\"-1\" aria-controls=\"elementor-tab-content-5163\" aria-expanded=\"false\">DIA 7<\/div>\n\t\t\t\t\t<div id=\"elementor-tab-content-5163\" class=\"elementor-tab-content elementor-clearfix\" data-tab=\"3\" role=\"tabpanel\" aria-labelledby=\"elementor-tab-title-5163\" tabindex=\"0\" hidden=\"hidden\"><h2>Dia 07<\/h2><h5>08:45 Sess\u00f5es Paralelas<br \/><br \/><\/h5><h5>Audit\u00f3rio<\/h5><p><strong>Tema 2. Rela\u00e7\u00f5es sociais e comunidades<\/strong><br \/><strong>Moderadora: Giovana Ilka Jacinto Salvaro (UNESC\/ FPCEUP, Brasil)<\/strong><\/p><p>R66.<\/p><p style=\"padding-left: 40px;\"><strong>Conflitos no Nordeste do Brasil: o patrim\u00f4nio como forma de resist\u00eancia das comunidades rurais<\/strong><br \/>M\u00e1rio Martins Viana J\u00fanior, UFC, mariomartins@ufc.br<\/p><p>R30.<\/p><p style=\"padding-left: 40px;\"><strong>As mudan\u00e7as nos usos das florestas comunit\u00e1rias na Galiza contempor\u00e2nea:<\/strong><br \/><strong>Resist\u00eancias, rupturas e mudan\u00e7a social<\/strong><br \/>Alba D\u00edaz Geada, Universidade de Santiago de Compostela, alba.diaz@usc.es<br \/>Dami\u00e1n Copena, GIEEAH-Universidade de Vigo, decopena@uvigo.gal<\/p><p>R55.<\/p><p style=\"padding-left: 40px;\"><strong>As nomeadas em Tr\u00e1s-os-Montes: met\u00e1foras de identidade, alteridade e tradu\u00e7\u00e3o cultural<\/strong><br \/>Lu\u00eds Vale, ESS Instituto Piaget, valedovale@gmail.com<\/p><p>R45<\/p><p style=\"padding-left: 40px;\"><strong>Entre luzes e sombras: aproxima\u00e7\u00f5es ao estudo sobre mulheres rurais em Portugal<\/strong><br \/>Giovana Ilka Jacinto Salvaro, UNESC\/ FPCEUP, giovanailka@gmail.com<br \/>Concei\u00e7\u00e3o Nogueira, FPCEUP, cnogueira@fpce.up.pt<\/p><h5>Sala 3<\/h5><p><strong>Tema 4. Territ\u00f3rios e gest\u00e3o territorial<\/strong><br \/><strong>4.2. Reinven\u00e7\u00e3o da gest\u00e3o coletiva e do saber fazer profissional<\/strong><br \/><strong>Moderador: Pedro Reis (INIAV)<\/strong><\/p><p>R48.<\/p><p style=\"padding-left: 40px;\"><strong>Promo\u00e7\u00e3o da coordena\u00e7\u00e3o da gest\u00e3o em comum \u00e0 escala da paisagem<\/strong><br \/>Ana Martins, CEF\/ISA, anamartinspinheiro@isa.ulisboa.pt<br \/>Ana Novais, CEF\/ISA, ananovais@isa.ulisboa.pt<br \/>Jos\u00e9 Lima Santos, CEF\/ISA, jlsantos@isa.ulisboa.pt<br \/>Maria Jo\u00e3o Canadas, CEF\/ISA, Mjcanadas@isa.ulisboa.pt<\/p><p>R44.<\/p><p style=\"padding-left: 40px;\"><strong>O renascimento da resinagem: <\/strong><strong>mercado laboral, condi\u00e7\u00f5es de trabalho e gest\u00e3o sustent\u00e1vel dos territ\u00f3rios florestais<\/strong><br \/>Pedro Reis, INIAV, pedro.reis@iniav.pt<br \/>Am\u00e9lia Palma, INIAV, amelia.palma@iniav.pt<br \/>Javier Calvo, CESEFOR, javier.calvo@cesefor.com<\/p><p>R52.<\/p><p style=\"padding-left: 40px;\"><strong>Preserva\u00e7\u00e3o vs. utiliza\u00e7\u00e3o do territ\u00f3rio \u2013 A nova utilidade social do pastor e o acesso \u00e0s terras de pastagens<\/strong><br \/>J\u00falio S\u00e1 R\u00eago, ISCTE-IUL, julio_sa_rego@iscte-iul.pt<br \/>Marina Castro, CIMO\/IPB, marina.castro@ipb.pt<\/p><p>R28.<\/p><p style=\"padding-left: 40px;\"><strong>Desafios de uma Paisagem Cultural:<\/strong><br \/><strong>O Montado, o Tirador de Corti\u00e7a e a Transmiss\u00e3o do Saber-Fazer Tradicional<\/strong><br \/>S\u00f3nia Bombico, CIDEHUS-U\u00c9vora &amp; C\u00e1tedra UNESCO, sbombico@uevora.pt<br \/>Carlos Manuel Fa\u00edsca, CM Ponte de Sor &amp; U. Extremadura, Carlos.Faisca@cm-pontedesor.pt<\/p><h5>Sala 5<\/h5><p><strong>Tema 5. Sustentabilidade e biodiversidade<\/strong><br \/><strong>5.1. Sustentabilidade e servi\u00e7os ambientais<\/strong><br \/><strong>Moderador: Jos\u00e9 da Veiga (ICAAM\/UE)<\/strong><\/p><p>R81.<\/p><p style=\"padding-left: 40px;\"><strong>Pagamentos agro-ambientais por resultados: um novo mecanismo<\/strong><br \/><strong>para a sustentabilidade da Paisagem em sistemas agr\u00edcolas de elevado valor natural<\/strong><br \/>Teresa Pinto-Correia, ICAAM, Universidade de \u00c9vora, mtpc@uevora.pt<br \/>Maria Helena Guimar\u00e3es, ICAAM, Universidade de \u00c9vora<br \/>Isabel Ferraz de Oliveira, ICAAM, Universidade de \u00c9vora<br \/>Maria Bel\u00e9m Freitas, ICAAM, Universidade de \u00c9vora<br \/>Jos\u00e9 da Veiga, ICAAM, Universidade de \u00c9vora<\/p><p>R75.<\/p><p style=\"padding-left: 40px;\"><strong>Saneamento ecol\u00f3gico integral: contributo para a economia circular e a sustentabilidade<\/strong><br \/>Ana Cristina Rodrigues, ESA\/IPVC, ProMetheus\/IPVC, acrodrigues@esa.ipvc.pt<br \/>Ana Ferraz, ESA\/IPVC, ProMetheus\/IPVC, aferraz@esa.ipvc.pt<br \/>Isabel Valin, ESA\/IPVC, CISAS\/IPVC, isabelvalin@esa.ipvc.pt<br \/>Lu\u00eds Miguel Brito, ESA\/IPVC, CIMO\/IPVC, miguelbrito@esa.ipvc.pt<br \/>Susana Mendes, ESA\/IPVC, CISAS\/IPVC, smendes@esa.ipvc.pt<br \/>Cristina S. C. Calheiros, CIIMAR\/UP, cristina@calheiros.org<br \/>Aline Guerreiro, PCS, ag@csustentavel.com<br \/>Gabriela Dias, ESA\/IPVC, gabriela@esa.ipvc.pt<\/p><p>R35.<\/p><p style=\"padding-left: 40px;\"><strong>A paisagem do Biota Estep\u00e1rio Careal\u00edfero do Castro Verde<\/strong><br \/>Jorge Manuel Vicente INIAV, jorge.vicente@ iniav. pt<\/p><p>R36.<\/p><p style=\"padding-left: 40px;\"><strong>Una aproximaci\u00f3n a los valores y sevicios ecosistemicos de tipo cultural de los bosques<\/strong><br \/>Ana Maria Monsalve Cuartas, laoma468@gmail.com<\/p><h5>\u00a0<\/h5><h5>10:30 Pausa para caf\u00e9 (Refeit\u00f3rio dos Frades)<br \/><br \/><\/h5><h5>11:00 Sess\u00f5es Paralelas<\/h5><h5>\u00a0<\/h5><h5>Audit\u00f3rio<\/h5><p><strong>Tema 5. Sustentabilidade e biodiversidade<\/strong><br \/><strong>5.2. A sustentabilidade no mundo rural<\/strong><br \/><strong>Moderador: Belo Moreira (ISA\/ULisboa)<\/strong><\/p><p>R14.<\/p><p style=\"padding-left: 40px;\"><strong>Reflex\u00f5es em torno do desenvolvimento sustent\u00e1vel<\/strong><br \/>Manuel Belo Moreira, mbelomoreira@isa.ulisboa.pt<\/p><p>R23.<\/p><p style=\"padding-left: 40px;\"><strong>Despovoamento e novas paisagens rurais: que sustentabilidade para o territ\u00f3rio portugu\u00eas?<\/strong><br \/>Maria Ant\u00f3nia Pires de Almeida, CIES-IUL, mafpa@iscte-iul.pt<\/p><p>R22.<\/p><p style=\"padding-left: 40px;\"><strong>Multifuncionalidade da agricultura enquanto instrumento de valoriza\u00e7\u00e3o <\/strong><strong>de variedades ancestrais de cereais com potencial panific\u00e1vel<\/strong><br \/>Filipe Lavrador, filipe.lavrador@netcabo.pt<\/p><h5>Sala 3<\/h5><p><strong>Tema 4. Territ\u00f3rios e gest\u00e3o territorial<\/strong><br \/><strong>4.3. Uso da terra e pol\u00edtica agr\u00e1ria<\/strong><br \/><strong>Moderador: Bruno Leit\u00e3o (DRAP Norte)<\/strong><\/p><p>R24.<\/p><p style=\"padding-left: 40px;\"><strong>A explora\u00e7\u00e3o dos baldios em Tr\u00e1s-os-Montes (s\u00e9cs. XVIII-XIX)<\/strong><br \/>Pedro Mota Tavares, FLUP, pfmmtavares@gmail.com<\/p><p>R57.<\/p><p style=\"padding-left: 40px;\"><strong>A ideologia da terra. A \u201cCampanha do Trigo\u201d, a \u201cColoniza\u00e7\u00e3o Interna\u201d,<\/strong><br \/><strong>a Hidr\u00e1ulica Agr\u00edcola e a Floresta\u00e7\u00e3o no Portugal do s\u00e9culo XX<\/strong><br \/>Manuel Villaverde Cabral, ICS-UL, mvcabral@ics.ul.pt<br \/>Aida Valadas de Lima, ISCTE \u2013 IUL, avlg@iscte-iul.pt<\/p><p>R27.<\/p><p style=\"padding-left: 40px;\"><strong>O Estado ao Servi\u00e7o da Agricultura na Regi\u00e3o Norte: O Papel dos Servi\u00e7os Regionais<\/strong><br \/>Bruno Leit\u00e3o, brunoasleitao@gmail.com<\/p><h5>Sala 5<\/h5><p><strong>Tema 5. Sustentabilidade e Biodiversidade<\/strong><br \/><strong>5.3. Biodiversidade e conserva\u00e7\u00e3o de ra\u00e7as autoctones<\/strong><br \/><strong>Moderadora: Marieta Carvalho (CIMO\/ESA\/IPB)<\/strong><\/p><p>R69.<\/p><p style=\"padding-left: 40px;\"><strong>Paisagens culturais: situa\u00e7\u00e3o atual e perspetivas zoot\u00e9cnicas da cria\u00e7\u00e3o de bovinos de ra\u00e7a Maronesa<\/strong><br \/>Marieta Carvalho, CIMO\/ESA\/IPB, carvalho@ipb.pt<\/p><p>R39.<\/p><p style=\"padding-left: 40px;\"><strong>Transforma\u00e7\u00f5es no mundo rural portugu\u00eas, a patrimonializa\u00e7\u00e3o da tauromaquia <\/strong><strong>e os direitos dos animais n\u00e3o-humanos: o caso das chegas de bois no Norte de Portugal<\/strong><br \/>Cristiano Pereira, ISCTE-IUL\/NOVA-FCSH\/CRIA, camgp1991@gmail.com<\/p><p>R37.<\/p><p style=\"padding-left: 40px;\"><strong>O Garrano: patrim\u00f3nio e potencial paradigma paisag\u00edstico do territ\u00f3rio portugu\u00eas- desafios e oportunidades<\/strong><br \/>Rui Pinto, CETRAD\/UTAD, ruipinto@utad.pt<br \/>Ana Marta-Costa, CETRAD\/UTAD, amarta@utad.pt<br \/>Filipa Torres-Manso, CETRAD\/UTAD, ftorres@utad.pt<\/p><h5>\u00a0<\/h5><h5>12:00 Audit\u00f3rio &#8211; Conclus\u00f5es e encerramento<br \/><br \/><\/h5><h5>13:30 Sistelo &#8211; Almo\u00e7o volante na aldeia de Sistelo (para inscritos na visita de campo)<br \/><br \/><\/h5><h5>14:30 Sistelo &#8211; Visita de campo (Sistelo)<\/h5><div>\u00a0<\/div><\/div>\n\t\t\t\t\t\t\t\t\t<div class=\"elementor-tab-title elementor-tab-mobile-title\" aria-selected=\"false\" data-tab=\"4\" role=\"tab\" tabindex=\"-1\" aria-controls=\"elementor-tab-content-5164\" aria-expanded=\"false\">DOWNLOAD DO PROGRAMA DETALHADO<\/div>\n\t\t\t\t\t<div id=\"elementor-tab-content-5164\" class=\"elementor-tab-content elementor-clearfix\" data-tab=\"4\" role=\"tabpanel\" aria-labelledby=\"elementor-tab-title-5164\" tabindex=\"0\" hidden=\"hidden\"><h4 style=\"text-align: center;\"><span style=\"font-size: 16px;\"><b><a href=\"https:\/\/sper.pt\/cer2019\/wp-content\/uploads\/sites\/2\/2019\/12\/Programa_Detalhado.pdf\">DOWNLOAD<\/a><\/b><\/span><\/h4><\/div>\n\t\t\t\t\t\t\t<\/div>\n\t\t<\/div>\n\t\t\t\t\t\t<\/div>\n\t\t\t\t<\/div>\n\t\t\t\t\t<\/div>\n\t\t<\/div>\n\t\t\t\t\t<\/div>\n\t\t<\/section>\n\t\t\t\t<section class=\"elementor-section elementor-top-section elementor-element elementor-element-5635e8ad elementor-section-content-middle elementor-section-boxed elementor-section-height-default elementor-section-height-default\" data-id=\"5635e8ad\" data-element_type=\"section\" data-e-type=\"section\" data-settings=\"{&quot;jet_parallax_layout_list&quot;:[{&quot;jet_parallax_layout_image&quot;:{&quot;url&quot;:&quot;&quot;,&quot;id&quot;:&quot;&quot;,&quot;size&quot;:&quot;&quot;},&quot;_id&quot;:&quot;ead2748&quot;,&quot;jet_parallax_layout_speed&quot;:{&quot;unit&quot;:&quot;%&quot;,&quot;size&quot;:50,&quot;sizes&quot;:[]},&quot;jet_parallax_layout_type&quot;:&quot;scroll&quot;,&quot;jet_parallax_layout_z_index&quot;:&quot;&quot;,&quot;jet_parallax_layout_bg_x&quot;:50,&quot;jet_parallax_layout_bg_y&quot;:50,&quot;jet_parallax_layout_bg_size&quot;:&quot;auto&quot;,&quot;jet_parallax_layout_animation_prop&quot;:&quot;transform&quot;,&quot;jet_parallax_layout_on&quot;:[&quot;desktop&quot;,&quot;tablet&quot;],&quot;jet_parallax_layout_image_tablet&quot;:{&quot;url&quot;:&quot;&quot;,&quot;id&quot;:&quot;&quot;,&quot;size&quot;:&quot;&quot;},&quot;jet_parallax_layout_image_mobile&quot;:{&quot;url&quot;:&quot;&quot;,&quot;id&quot;:&quot;&quot;,&quot;size&quot;:&quot;&quot;},&quot;jet_parallax_layout_direction&quot;:null,&quot;jet_parallax_layout_fx_direction&quot;:null,&quot;jet_parallax_layout_bg_x_tablet&quot;:&quot;&quot;,&quot;jet_parallax_layout_bg_x_mobile&quot;:&quot;&quot;,&quot;jet_parallax_layout_bg_y_tablet&quot;:&quot;&quot;,&quot;jet_parallax_layout_bg_y_mobile&quot;:&quot;&quot;,&quot;jet_parallax_layout_bg_size_tablet&quot;:&quot;&quot;,&quot;jet_parallax_layout_bg_size_mobile&quot;:&quot;&quot;}],&quot;background_background&quot;:&quot;classic&quot;}\">\n\t\t\t\t\t\t<div class=\"elementor-container elementor-column-gap-no\">\n\t\t\t\t\t<div class=\"elementor-column elementor-col-50 elementor-top-column elementor-element elementor-element-13306f4\" data-id=\"13306f4\" data-element_type=\"column\" data-e-type=\"column\" data-settings=\"{&quot;background_background&quot;:&quot;classic&quot;}\">\n\t\t\t<div class=\"elementor-widget-wrap elementor-element-populated\">\n\t\t\t\t\t\t<div class=\"elementor-element elementor-element-7756d856 elementor-widget elementor-widget-spacer\" data-id=\"7756d856\" data-element_type=\"widget\" data-e-type=\"widget\" data-widget_type=\"spacer.default\">\n\t\t\t\t<div class=\"elementor-widget-container\">\n\t\t\t\t\t\t\t<div class=\"elementor-spacer\">\n\t\t\t<div class=\"elementor-spacer-inner\"><\/div>\n\t\t<\/div>\n\t\t\t\t\t\t<\/div>\n\t\t\t\t<\/div>\n\t\t\t\t\t<\/div>\n\t\t<\/div>\n\t\t\t\t<div class=\"elementor-column elementor-col-50 elementor-top-column elementor-element elementor-element-6253a37b\" data-id=\"6253a37b\" data-element_type=\"column\" data-e-type=\"column\" data-settings=\"{&quot;background_background&quot;:&quot;classic&quot;}\">\n\t\t\t<div class=\"elementor-widget-wrap\">\n\t\t\t\t\t\t\t<\/div>\n\t\t<\/div>\n\t\t\t\t\t<\/div>\n\t\t<\/section>\n\t\t\t\t<section class=\"elementor-section elementor-top-section elementor-element elementor-element-7a7ed06 elementor-section-boxed elementor-section-height-default elementor-section-height-default\" data-id=\"7a7ed06\" data-element_type=\"section\" data-e-type=\"section\" data-settings=\"{&quot;jet_parallax_layout_list&quot;:[{&quot;jet_parallax_layout_image&quot;:{&quot;url&quot;:&quot;&quot;,&quot;id&quot;:&quot;&quot;,&quot;size&quot;:&quot;&quot;},&quot;_id&quot;:&quot;5d9dbc5&quot;,&quot;jet_parallax_layout_speed&quot;:{&quot;unit&quot;:&quot;%&quot;,&quot;size&quot;:50,&quot;sizes&quot;:[]},&quot;jet_parallax_layout_type&quot;:&quot;scroll&quot;,&quot;jet_parallax_layout_z_index&quot;:&quot;&quot;,&quot;jet_parallax_layout_bg_x&quot;:50,&quot;jet_parallax_layout_bg_y&quot;:50,&quot;jet_parallax_layout_bg_size&quot;:&quot;auto&quot;,&quot;jet_parallax_layout_animation_prop&quot;:&quot;transform&quot;,&quot;jet_parallax_layout_on&quot;:[&quot;desktop&quot;,&quot;tablet&quot;],&quot;jet_parallax_layout_image_tablet&quot;:{&quot;url&quot;:&quot;&quot;,&quot;id&quot;:&quot;&quot;,&quot;size&quot;:&quot;&quot;},&quot;jet_parallax_layout_image_mobile&quot;:{&quot;url&quot;:&quot;&quot;,&quot;id&quot;:&quot;&quot;,&quot;size&quot;:&quot;&quot;},&quot;jet_parallax_layout_direction&quot;:null,&quot;jet_parallax_layout_fx_direction&quot;:null,&quot;jet_parallax_layout_bg_x_tablet&quot;:&quot;&quot;,&quot;jet_parallax_layout_bg_x_mobile&quot;:&quot;&quot;,&quot;jet_parallax_layout_bg_y_tablet&quot;:&quot;&quot;,&quot;jet_parallax_layout_bg_y_mobile&quot;:&quot;&quot;,&quot;jet_parallax_layout_bg_size_tablet&quot;:&quot;&quot;,&quot;jet_parallax_layout_bg_size_mobile&quot;:&quot;&quot;}]}\">\n\t\t\t\t\t\t<div class=\"elementor-container elementor-column-gap-default\">\n\t\t\t\t\t<div class=\"elementor-column elementor-col-100 elementor-top-column elementor-element elementor-element-291b559\" data-id=\"291b559\" data-element_type=\"column\" data-e-type=\"column\">\n\t\t\t<div class=\"elementor-widget-wrap elementor-element-populated\">\n\t\t\t\t\t\t<div class=\"elementor-element elementor-element-4df5523 elementor-widget elementor-widget-spacer\" data-id=\"4df5523\" data-element_type=\"widget\" data-e-type=\"widget\" data-widget_type=\"spacer.default\">\n\t\t\t\t<div class=\"elementor-widget-container\">\n\t\t\t\t\t\t\t<div class=\"elementor-spacer\">\n\t\t\t<div class=\"elementor-spacer-inner\"><\/div>\n\t\t<\/div>\n\t\t\t\t\t\t<\/div>\n\t\t\t\t<\/div>\n\t\t\t\t\t<\/div>\n\t\t<\/div>\n\t\t\t\t\t<\/div>\n\t\t<\/section>\n\t\t\t\t<section class=\"elementor-section elementor-top-section elementor-element elementor-element-58f601ad elementor-section-full_width elementor-section-height-default elementor-section-height-default\" data-id=\"58f601ad\" data-element_type=\"section\" data-e-type=\"section\" data-settings=\"{&quot;jet_parallax_layout_list&quot;:[{&quot;jet_parallax_layout_image&quot;:{&quot;url&quot;:&quot;&quot;,&quot;id&quot;:&quot;&quot;,&quot;size&quot;:&quot;&quot;},&quot;_id&quot;:&quot;3d5dfb3&quot;,&quot;jet_parallax_layout_speed&quot;:{&quot;unit&quot;:&quot;%&quot;,&quot;size&quot;:50,&quot;sizes&quot;:[]},&quot;jet_parallax_layout_type&quot;:&quot;scroll&quot;,&quot;jet_parallax_layout_z_index&quot;:&quot;&quot;,&quot;jet_parallax_layout_bg_x&quot;:50,&quot;jet_parallax_layout_bg_y&quot;:50,&quot;jet_parallax_layout_bg_size&quot;:&quot;auto&quot;,&quot;jet_parallax_layout_animation_prop&quot;:&quot;transform&quot;,&quot;jet_parallax_layout_on&quot;:[&quot;desktop&quot;,&quot;tablet&quot;],&quot;jet_parallax_layout_image_tablet&quot;:{&quot;url&quot;:&quot;&quot;,&quot;id&quot;:&quot;&quot;,&quot;size&quot;:&quot;&quot;},&quot;jet_parallax_layout_image_mobile&quot;:{&quot;url&quot;:&quot;&quot;,&quot;id&quot;:&quot;&quot;,&quot;size&quot;:&quot;&quot;},&quot;jet_parallax_layout_direction&quot;:null,&quot;jet_parallax_layout_fx_direction&quot;:null,&quot;jet_parallax_layout_bg_x_tablet&quot;:&quot;&quot;,&quot;jet_parallax_layout_bg_x_mobile&quot;:&quot;&quot;,&quot;jet_parallax_layout_bg_y_tablet&quot;:&quot;&quot;,&quot;jet_parallax_layout_bg_y_mobile&quot;:&quot;&quot;,&quot;jet_parallax_layout_bg_size_tablet&quot;:&quot;&quot;,&quot;jet_parallax_layout_bg_size_mobile&quot;:&quot;&quot;}]}\">\n\t\t\t\t\t\t<div class=\"elementor-container elementor-column-gap-default\">\n\t\t\t\t\t<div class=\"elementor-column elementor-col-100 elementor-top-column elementor-element elementor-element-196c3b7b\" data-id=\"196c3b7b\" data-element_type=\"column\" data-e-type=\"column\">\n\t\t\t<div class=\"elementor-widget-wrap\">\n\t\t\t\t\t\t\t<\/div>\n\t\t<\/div>\n\t\t\t\t\t<\/div>\n\t\t<\/section>\n\t\t\t\t<\/div>\n\t\t","protected":false},"excerpt":{"rendered":"<p>PROGRAMA DETALHADO DIA 5 DIA 6 DIA 7 DOWNLOAD DO PROGRAMA DETALHADO DIA 5 Dia 05 14:30 Secretariado &#8211; Rece\u00e7\u00e3o aos participantes e levantamento de credenciais16:00 Sess\u00f5es Paralelas Audit\u00f3rio Tema 6. Turismo e usos alternativos do espa\u00e7o rural6.1. Turismo culturalModeradora: Sara Sim\u00f5es (ESA\/IPVC) R10. Modelos de Gest\u00e3o das Paisagens Culturais:a experi\u00eancia das paisagens culturais portuguesas [&hellip;]<\/p>\n","protected":false},"author":1,"featured_media":0,"parent":0,"menu_order":0,"comment_status":"closed","ping_status":"closed","template":"full-width.php","meta":{"footnotes":""},"class_list":["post-1394","page","type-page","status-publish","hentry"],"_links":{"self":[{"href":"https:\/\/sper.pt\/cer2019\/wp-json\/wp\/v2\/pages\/1394","targetHints":{"allow":["GET"]}}],"collection":[{"href":"https:\/\/sper.pt\/cer2019\/wp-json\/wp\/v2\/pages"}],"about":[{"href":"https:\/\/sper.pt\/cer2019\/wp-json\/wp\/v2\/types\/page"}],"author":[{"embeddable":true,"href":"https:\/\/sper.pt\/cer2019\/wp-json\/wp\/v2\/users\/1"}],"replies":[{"embeddable":true,"href":"https:\/\/sper.pt\/cer2019\/wp-json\/wp\/v2\/comments?post=1394"}],"version-history":[{"count":6,"href":"https:\/\/sper.pt\/cer2019\/wp-json\/wp\/v2\/pages\/1394\/revisions"}],"predecessor-version":[{"id":1444,"href":"https:\/\/sper.pt\/cer2019\/wp-json\/wp\/v2\/pages\/1394\/revisions\/1444"}],"wp:attachment":[{"href":"https:\/\/sper.pt\/cer2019\/wp-json\/wp\/v2\/media?parent=1394"}],"curies":[{"name":"wp","href":"https:\/\/api.w.org\/{rel}","templated":true}]}}